{"id":1799,"date":"2020-02-06T10:18:37","date_gmt":"2020-02-06T09:18:37","guid":{"rendered":"https:\/\/rensika.com\/avertissement-legal\/"},"modified":"2024-11-08T13:17:26","modified_gmt":"2024-11-08T12:17:26","slug":"avertissement-legal","status":"publish","type":"page","link":"https:\/\/rensika.com\/fr\/avertissement-legal\/","title":{"rendered":"AVERTISSEMENT L\u00c9GAL"},"content":{"rendered":"\n<style type=\"text\/css\" data-created_by=\"avia_inline_auto\" id=\"style-css-av-awzao-ffdd4d9fe76b691c5f7df5bb8a8fbeb6\">\n.flex_column.av-awzao-ffdd4d9fe76b691c5f7df5bb8a8fbeb6{\nborder-radius:0px 0px 0px 0px;\npadding:0px 0px 0px 0px;\n}\n<\/style>\n<div  class='flex_column av-awzao-ffdd4d9fe76b691c5f7df5bb8a8fbeb6 av_one_full  avia-builder-el-0  avia-builder-el-no-sibling  first flex_column_div av-zero-column-padding  '     ><section  class='av_textblock_section av-jxzqens5-b466268dd150b83930100bdb8c7cb987 '   itemscope=\"itemscope\" itemtype=\"https:\/\/schema.org\/CreativeWork\" ><div class='avia_textblock'  itemprop=\"text\" ><h1><strong>AVERTISSEMENT L\u00c9GAL<\/strong><\/h1>\n<p>Politique de confidentialit\u00e9 Web<\/p>\n<p>Contr\u00f4leur de donn\u00e9es<br \/>\nLa soci\u00e9t\u00e9 responsable du traitement de vos donn\u00e9es dans le cadre de la pr\u00e9sente Politique de Confidentialit\u00e9 est\u00a0:<\/p>\n<p>RENSIKA S.L.<br \/>\nNIF : B59834028<br \/>\nAdresse : Avenue Can Fatj\u00f3, Pol.Ind. Cova Solera, 151 &#8211; 08191 Rub\u00ed (Barcelone)<br \/>\nAdresse e-mail : info@rensika.com<br \/>\nWeb\u00a0: rensika.com<br \/>\nT\u00e9l\u00e9phone : 93 715 10 81<br \/>\nInscrit au Registre du Commerce de Barcelone, Volume 21.168, Folio 104, Feuille B-17.904, Ins. 1a<\/p>\n<p>Chez RENSIKA S.L, nous reconnaissons l&#8217;importance de prot\u00e9ger vos informations personnelles et nous nous engageons \u00e0 les traiter de mani\u00e8re responsable et conform\u00e9ment aux lois sur la protection des donn\u00e9es.<br \/>\nCette politique de confidentialit\u00e9 vise \u00e0 r\u00e9glementer tous les aspects li\u00e9s au traitement des donn\u00e9es des diff\u00e9rents utilisateurs qui naviguent ou fournissent leurs donn\u00e9es personnelles \u00e0 travers les diff\u00e9rents formulaires situ\u00e9s sur le site.<\/p>\n<p>Donn\u00e9es personnelles<br \/>\nLes donn\u00e9es personnelles sont des informations qui vous identifient ou vous rendent identifiable. A travers le site Internet, dans les cases pr\u00e9vues \u00e0 cet effet, nous collectons les donn\u00e9es personnelles que l&#8217;utilisateur nous communique : Nom, pr\u00e9nom, email, t\u00e9l\u00e9phone, adresse postale, ville, etc. ainsi que toutes les donn\u00e9es que vous nous fournissez volontairement via l&#8217;un des r\u00e9seaux sociaux dans lesquels l&#8217;utilisateur est enregistr\u00e9. Dans ce cas, la confidentialit\u00e9 d\u00e9pendra des param\u00e8tres \u00e9tablis par l\u2019utilisateur ainsi que des termes et conditions du r\u00e9seau social lui-m\u00eame.<br \/>\nLa visite de l&#8217;utilisateur sur le site Internet n&#8217;implique pas qu&#8217;il doive fournir des informations sur ses donn\u00e9es personnelles. Cependant, si elles sont fournies, les donn\u00e9es seront trait\u00e9es licitement sous r\u00e9serve \u00e0 tout moment des principes et droits contenus dans le RGPD 2016\/679 du 27 avril 2016 et le LOPDGDD 3\/2018 du 5 d\u00e9cembre.<\/p>\n<p>Finalit\u00e9, dur\u00e9e et l\u00e9gitimit\u00e9 du traitement :<br \/>\nNous traiterons les donn\u00e9es que l&#8217;utilisateur nous fournit aux fins suivantes :<br \/>\nR\u00e9pondez \u00e0 la demande ou \u00e0 la demande formul\u00e9e par l&#8217;utilisateur via le formulaire de contact situ\u00e9 sur le site Internet.<br \/>\nNous collectons et traitons les donn\u00e9es personnelles de l&#8217;utilisateur pour pouvoir traiter et g\u00e9rer votre demande, une requ\u00eate ou toute demande que vous formulerez via ledit formulaire. Nous conserverons ces donn\u00e9es pendant le temps n\u00e9cessaire pour r\u00e9pondre \u00e0 votre demande et pendant le temps fix\u00e9 par la loi avec un<br \/>\ndur\u00e9e minimale de 3 ans.<br \/>\nLa base pour l\u00e9gitimer le traitement des donn\u00e9es sera le consentement donn\u00e9 par l&#8217;utilisateur en cochant la case d&#8217;acceptation de notre politique de confidentialit\u00e9 avant d&#8217;envoyer la demande. L&#8217;utilisateur a le droit de r\u00e9voquer son consentement \u00e0 tout moment sans affecter la l\u00e9galit\u00e9 du traitement bas\u00e9 sur le consentement pr\u00e9alable \u00e0 son retrait.<br \/>\nAm\u00e9liorez votre exp\u00e9rience de navigation sur le Web. Nous conserverons ces donn\u00e9es aussi longtemps que l&#8217;utilisateur ne r\u00e9voque pas son consentement \u00e0 leur traitement en supprimant les cookies et pendant la dur\u00e9e fix\u00e9e par la loi avec une dur\u00e9e minimale de 3 ans.<br \/>\nLa base de la l\u00e9gitimit\u00e9 pour am\u00e9liorer votre exp\u00e9rience lors de la navigation sur le site Web est le consentement donn\u00e9 par l&#8217;utilisateur en acceptant les cookies. L&#8217;utilisateur a le droit de r\u00e9voquer son consentement \u00e0 tout moment sans affecter la l\u00e9galit\u00e9 du traitement bas\u00e9 sur le consentement pr\u00e9alable \u00e0 son retrait.<br \/>\nG\u00e9rer nos r\u00e9seaux sociaux et vous envoyer des informations sur nos activit\u00e9s et produits. Nous conserverons ces donn\u00e9es aussi longtemps que l&#8217;utilisateur ne r\u00e9voque pas son consentement \u00e0 leur traitement et pendant la dur\u00e9e fix\u00e9e par la loi avec une dur\u00e9e minimale de 3 ans.<br \/>\nLa base l\u00e9gitime pour g\u00e9rer nos r\u00e9seaux sociaux et vous envoyer nos activit\u00e9s et actualit\u00e9s est le consentement que vous nous donnez \u00e0 cet effet. L&#8217;utilisateur a le droit de r\u00e9voquer son consentement \u00e0 tout moment sans affecter la l\u00e9galit\u00e9 du traitement bas\u00e9 sur le consentement pr\u00e9alable \u00e0 son retrait.<br \/>\nG\u00e9rer les communications soumises via le canal de r\u00e9clamation mis en \u0153uvre par le contr\u00f4leur.<br \/>\nNous traiterons les donn\u00e9es personnelles (si la communication n&#8217;est pas anonyme) et les informations fournies par la personne int\u00e9ress\u00e9e dans le but de g\u00e9rer et de r\u00e9soudre la plainte d\u00e9pos\u00e9e via le canal et accessible via le site Web.<br \/>\nLa base de la l\u00e9gitimation de leur traitement est l\u2019accomplissement d\u2019une mission r\u00e9alis\u00e9e dans l\u2019int\u00e9r\u00eat public, ainsi que l\u2019accomplissement d\u2019une obligation l\u00e9gale.<br \/>\nLes donn\u00e9es ne seront conserv\u00e9es que pendant le temps n\u00e9cessaire pour d\u00e9cider d&#8217;ouvrir ou non une enqu\u00eate sur les \u00e9v\u00e9nements signal\u00e9s. Dans tous les cas, apr\u00e8s trois mois \u00e0 compter de l&#8217;introduction des donn\u00e9es, si la r\u00e9clamation n&#8217;a pas abouti, elles pourront \u00eatre conserv\u00e9es uniquement dans le but de laisser des preuves du syst\u00e8me, de mani\u00e8re anonymis\u00e9e. Si la r\u00e9clamation aboutit, elle sera supprim\u00e9e et bloqu\u00e9e du syst\u00e8me de r\u00e9clamation interne et sera conserv\u00e9e pendant un certain temps.<\/p>\n<\/div><\/section><\/div>\n","protected":false},"excerpt":{"rendered":"","protected":false},"author":1,"featured_media":0,"parent":0,"menu_order":0,"comment_status":"closed","ping_status":"closed","template":"","meta":{"footnotes":""},"_links":{"self":[{"href":"https:\/\/rensika.com\/fr\/wp-json\/wp\/v2\/pages\/1799"}],"collection":[{"href":"https:\/\/rensika.com\/fr\/wp-json\/wp\/v2\/pages"}],"about":[{"href":"https:\/\/rensika.com\/fr\/wp-json\/wp\/v2\/types\/page"}],"author":[{"embeddable":true,"href":"https:\/\/rensika.com\/fr\/wp-json\/wp\/v2\/users\/1"}],"replies":[{"embeddable":true,"href":"https:\/\/rensika.com\/fr\/wp-json\/wp\/v2\/comments?post=1799"}],"version-history":[{"count":3,"href":"https:\/\/rensika.com\/fr\/wp-json\/wp\/v2\/pages\/1799\/revisions"}],"predecessor-version":[{"id":3187,"href":"https:\/\/rensika.com\/fr\/wp-json\/wp\/v2\/pages\/1799\/revisions\/3187"}],"wp:attachment":[{"href":"https:\/\/rensika.com\/fr\/wp-json\/wp\/v2\/media?parent=1799"}],"curies":[{"name":"wp","href":"https:\/\/api.w.org\/{rel}","templated":true}]}}